{"id":5532,"date":"2012-01-14T16:24:33","date_gmt":"2012-01-14T06:24:33","guid":{"rendered":"https:\/\/fincacatering.com\/contactar\/"},"modified":"2024-03-27T11:02:23","modified_gmt":"2024-03-27T11:02:23","slug":"contacte","status":"publish","type":"page","link":"https:\/\/fincacatering.com\/ca\/contacte\/","title":{"rendered":"Contactar"},"content":{"rendered":"<p>[et_pb_section fb_built=&#8221;1&#8243; admin_label=&#8221;section&#8221; _builder_version=&#8221;4.16&#8243; global_colors_info=&#8221;{}&#8221;][et_pb_row column_structure=&#8221;2_3,1_3&#8243; admin_label=&#8221;row&#8221; _builder_version=&#8221;4.16&#8243; background_size=&#8221;%22%22&quot;initial&quot;%22%22&#8243; background_position=&#8221;%22%22&quot;top_left&quot;%22%22&#8243; global_colors_info=&#8221;{}&#8221;][et_pb_column type=&#8221;2_3&#8243; _builder_version=&#8221;4.16&#8243; custom_padding=&#8221;|||&#8221; global_colors_info=&#8221;{}&#8221; custom_padding__hover=&#8221;|||&#8221;][et_pb_text _builder_version=&#8221;4.24.2&#8243; background_size=&#8221;initial&#8221; background_position=&#8221;top_left&#8221; background_repeat=&#8221;repeat&#8221; hover_enabled=&#8221;0&#8243; global_colors_info=&#8221;{}&#8221; sticky_enabled=&#8221;0&#8243;]<b>\u00a1Benvingut a la nostra p\u00e0gina de contacte!<\/b><\/p>\n<p>Ens sentim honrats pel vostre inter\u00e8s en els nostres serveis de Catering i esdeveniments de Finca Catering  a la pintoresca illa de Mallorca.<br \/>\n Ja sigui que estigueu planejant un casament de somni, un esdeveniment empresarial inspirador o una trobada familiar festiva, som els vostres experts per a moments inoblidables!<\/p>\n<p>Si voleu obtenir m\u00e9s informaci\u00f3 o teniu peticions espec\u00edfiques, us convidem a posar-vos en contacte amb nosaltres.<br \/>\nEnvieu-nos un correu electr\u00f2nic i comparteu les vostres idees amb nosaltres. <\/p>\n<p>Utilitzeu el formulari de contacte proporcionat o envieu un  correu electr\u00f2nic per comunicar-vos amb nosaltres. Garantim una resposta r\u00e0pida i esperem crear una oferta personalitzada i no vinculant per a vosaltres.[\/et_pb_text][et_pb_text _builder_version=&#8221;4.24.2&#8243; background_size=&#8221;initial&#8221; background_position=&#8221;top_left&#8221; background_repeat=&#8221;repeat&#8221; hover_enabled=&#8221;0&#8243; global_colors_info=&#8221;{}&#8221; disabled_on=&#8221;on|on|on&#8221; disabled=&#8221;on&#8221; sticky_enabled=&#8221;0&#8243;]Per a m\u00e9s informaci\u00f3 sobre els serveis de restauraci\u00f3 de Finca i el servei d&#8217;esdeveniments a Mallorca, si us plau, no dubti en enviar-nos un correu electr\u00f2nic. Estarem encantats d&#8217;assessorar-i executar la p\u00e0gina i aviat rebr\u00e0 una oferta de nosaltres!<\/p>\n<p><a href=\"mailto:events@fincacatering.com\"> events@fincacatering.com <\/a><\/p>\n<p>O truqueu-nos al:<\/p>\n<p>Tel\u00e8fon: +34 650 955 918<\/p>\n<p>Tel\u00e8fon: +34-627418116 Carol Bell\u00e9s<\/p>\n<p><!--Tel\u00e9fonos: +34 871 988 166 \/ +34 601 124 363--><\/p>\n<p>Direcci\u00f3: Carrer de Sant Sebasti\u00e0, 9, 07500 Manacor, Illes Balears<\/p>\n<p><a target=\"_blank\" href=\"https:\/\/www.facebook.com\/FincaCatering\/\" rel=\"noopener\"><img decoding=\"async\" src=\"https:\/\/fincacatering.com\/wp-content\/uploads\/2018\/03\/facebook.png\" alt=\"Facebook\"><\/a> <a target=\"_blank\" href=\"https:\/\/twitter.com\/fincacatering\" rel=\"noopener\"><img decoding=\"async\" src=\"https:\/\/fincacatering.com\/wp-content\/uploads\/2018\/03\/twitter\" alt=\"Twitter\"><\/a> <a target=\"_blank\" href=\"https:\/\/www.instagram.com\/fincacatering\/\" rel=\"noopener\"><img decoding=\"async\" src=\"https:\/\/fincacatering.com\/wp-content\/uploads\/2018\/03\/instagram\" alt=\"Instagram\"><\/a>[\/et_pb_text][\/et_pb_column][et_pb_column type=&#8221;1_3&#8243; _builder_version=&#8221;4.16&#8243; custom_padding=&#8221;|||&#8221; global_colors_info=&#8221;{}&#8221; custom_padding__hover=&#8221;|||&#8221;][et_pb_text admin_label=&#8221;Text&#8221; _builder_version=&#8221;4.16&#8243; background_size=&#8221;initial&#8221; background_position=&#8221;top_left&#8221; background_repeat=&#8221;repeat&#8221; use_border_color=&#8221;off&#8221; global_colors_info=&#8221;{}&#8221;]\n<div class=\"wpcf7 no-js\" id=\"wpcf7-f5533-o1\" lang=\"es-ES\" dir=\"ltr\" data-wpcf7-id=\"5533\">\n<div class=\"screen-reader-response\"><p role=\"status\" aria-live=\"polite\" aria-atomic=\"true\"><\/p> <ul><\/ul><\/div>\n<form action=\"\/ca\/wp-json\/wp\/v2\/pages\/5532#wpcf7-f5533-o1\" method=\"post\" class=\"wpcf7-form init\" aria-label=\"Contact form\" novalidate=\"novalidate\" data-status=\"init\">\n<fieldset class=\"hidden-fields-container\"><input type=\"hidden\" name=\"_wpcf7\" value=\"5533\" \/><input type=\"hidden\" name=\"_wpcf7_version\" value=\"6.1.5\" \/><input type=\"hidden\" name=\"_wpcf7_locale\" value=\"es_ES\" \/><input type=\"hidden\" name=\"_wpcf7_unit_tag\" value=\"wpcf7-f5533-o1\" \/><input type=\"hidden\" name=\"_wpcf7_container_post\" value=\"0\" \/><input type=\"hidden\" name=\"_wpcf7_posted_data_hash\" value=\"\" \/><input type=\"hidden\" name=\"_wpcf7dtx_version\" value=\"5.0.4\" \/>\n<\/fieldset>\n<p><br \/>\n<span class=\"wpcf7-form-control-wrap\" data-name=\"nombre\"><input size=\"40\" maxlength=\"400\" class=\"wpcf7-form-control wpcf7-text wpcf7-validates-as-required\" aria-required=\"true\" aria-invalid=\"false\" placeholder=\"Nom\" value=\"\" type=\"text\" name=\"nombre\" \/><\/span>\n<\/p>\n<p><span class=\"wpcf7-form-control-wrap\" data-name=\"email\"><input size=\"40\" maxlength=\"400\" class=\"wpcf7-form-control wpcf7-email wpcf7-validates-as-required wpcf7-text wpcf7-validates-as-email\" aria-required=\"true\" aria-invalid=\"false\" placeholder=\"Email\" value=\"\" type=\"email\" name=\"email\" \/><\/span>\n<\/p>\n<p><span class=\"wpcf7-form-control-wrap\" data-name=\"telefono\"><input size=\"40\" maxlength=\"400\" class=\"wpcf7-form-control wpcf7-text\" aria-invalid=\"false\" placeholder=\"Tel\u00e8fon\" value=\"\" type=\"text\" name=\"telefono\" \/><\/span>\n<\/p>\n<p><br \/>\n<span class=\"wpcf7-form-control-wrap\" data-name=\"mensaje\"><textarea cols=\"40\" rows=\"10\" maxlength=\"2000\" class=\"wpcf7-form-control wpcf7-textarea wpcf7-validates-as-required\" aria-required=\"true\" aria-invalid=\"false\" placeholder=\"Comentaris\" name=\"mensaje\"><\/textarea><\/span>\n<\/p>\n<p><span class=\"wpcf7-form-control-wrap\" data-name=\"polticaprivacidad\"><span class=\"wpcf7-form-control wpcf7-acceptance\"><span class=\"wpcf7-list-item\"><input type=\"checkbox\" name=\"polticaprivacidad\" value=\"1\" aria-invalid=\"false\" \/><\/span><\/span><\/span> Estic d'acord amb la <a href=\"https:\/\/fincacatering.com\/aviso-legal\/\" target=\"_blank\">pol\u00edtica privacitat<\/a>\n<\/p>\n<p><input class=\"wpcf7-form-control wpcf7-submit has-spinner\" type=\"submit\" value=\"Enviar\" \/>\n<\/p><p style=\"display: none !important;\" class=\"akismet-fields-container\" data-prefix=\"_wpcf7_ak_\"><label>&#916;<textarea name=\"_wpcf7_ak_hp_textarea\" cols=\"45\" rows=\"8\" maxlength=\"100\"><\/textarea><\/label><input type=\"hidden\" id=\"ak_js_1\" name=\"_wpcf7_ak_js\" value=\"222\"\/><script>document.getElementById( \"ak_js_1\" ).setAttribute( \"value\", ( new Date() ).getTime() );<\/script><\/p><div class=\"wpcf7-response-output\" aria-hidden=\"true\"><\/div>\n<\/form>\n<\/div>\n<br \/>\n[\/et_pb_text][\/et_pb_column][\/et_pb_row][\/et_pb_section]<\/p>\n","protected":false},"excerpt":{"rendered":"<p>\u00a1Benvingut a la nostra p\u00e0gina de contacte! Ens sentim honrats pel vostre inter\u00e8s en els nostres serveis de Catering i esdeveniments de Finca Catering a la pintoresca illa de Mallorca. Ja sigui que estigueu planejant un casament de somni, un esdeveniment empresarial inspirador o una trobada familiar festiva, som els vostres experts per a moments [&hellip;]<\/p>\n","protected":false},"author":1,"featured_media":0,"parent":0,"menu_order":0,"comment_status":"closed","ping_status":"closed","template":"","meta":{"_et_pb_use_builder":"on","_et_pb_old_content":"","_et_gb_content_width":"","inline_featured_image":false,"footnotes":""},"class_list":["post-5532","page","type-page","status-publish","hentry"],"_links":{"self":[{"href":"https:\/\/fincacatering.com\/ca\/wp-json\/wp\/v2\/pages\/5532","targetHints":{"allow":["GET"]}}],"collection":[{"href":"https:\/\/fincacatering.com\/ca\/wp-json\/wp\/v2\/pages"}],"about":[{"href":"https:\/\/fincacatering.com\/ca\/wp-json\/wp\/v2\/types\/page"}],"author":[{"embeddable":true,"href":"https:\/\/fincacatering.com\/ca\/wp-json\/wp\/v2\/users\/1"}],"replies":[{"embeddable":true,"href":"https:\/\/fincacatering.com\/ca\/wp-json\/wp\/v2\/comments?post=5532"}],"version-history":[{"count":2,"href":"https:\/\/fincacatering.com\/ca\/wp-json\/wp\/v2\/pages\/5532\/revisions"}],"predecessor-version":[{"id":7793,"href":"https:\/\/fincacatering.com\/ca\/wp-json\/wp\/v2\/pages\/5532\/revisions\/7793"}],"wp:attachment":[{"href":"https:\/\/fincacatering.com\/ca\/wp-json\/wp\/v2\/media?parent=5532"}],"curies":[{"name":"wp","href":"https:\/\/api.w.org\/{rel}","templated":true}]}}