{"id":5560,"date":"2012-05-22T11:53:39","date_gmt":"2012-05-22T11:53:39","guid":{"rendered":"https:\/\/fincacatering.com\/bodas-mallorca\/"},"modified":"2024-03-26T16:25:41","modified_gmt":"2024-03-26T16:25:41","slug":"casaments-mallorca","status":"publish","type":"page","link":"https:\/\/fincacatering.com\/ca\/casaments-mallorca\/","title":{"rendered":"Casaments Mallorca"},"content":{"rendered":"<p>[et_pb_section fb_built=&#8221;1&#8243; admin_label=&#8221;section&#8221; _builder_version=&#8221;4.16&#8243; global_colors_info=&#8221;{}&#8221;][et_pb_row admin_label=&#8221;row&#8221; _builder_version=&#8221;4.16&#8243; background_color=&#8221;#fdf8ec&#8221; background_size=&#8221;initial&#8221; background_position=&#8221;top_left&#8221; background_repeat=&#8221;repeat&#8221; global_colors_info=&#8221;{}&#8221;][et_pb_column type=&#8221;4_4&#8243; _builder_version=&#8221;4.16&#8243; background_position=&#8221;top_left&#8221; custom_padding=&#8221;|||&#8221; global_colors_info=&#8221;{}&#8221; custom_padding__hover=&#8221;|||&#8221;][et_pb_text module_class=&#8221;titulopagina&#8221; _builder_version=&#8221;4.16&#8243; background_size=&#8221;initial&#8221; background_position=&#8221;top_left&#8221; background_repeat=&#8221;repeat&#8221; global_colors_info=&#8221;{}&#8221;]<\/p>\n<h1>Casaments a Mallorca<\/h1>\n<p>[\/et_pb_text][\/et_pb_column][\/et_pb_row][et_pb_row column_structure=&#8221;2_3,1_3&#8243; _builder_version=&#8221;4.16&#8243; background_size=&#8221;initial&#8221; background_position=&#8221;top_left&#8221; background_repeat=&#8221;repeat&#8221; global_colors_info=&#8221;{}&#8221;][et_pb_column type=&#8221;2_3&#8243; _builder_version=&#8221;4.16&#8243; custom_padding=&#8221;|||&#8221; global_colors_info=&#8221;{}&#8221; custom_padding__hover=&#8221;|||&#8221;][et_pb_image src=&#8221;https:\/\/fincacatering.com\/wp-content\/uploads\/2024\/02\/weddings.jpg&#8221; title_text=&#8221;weddings&#8221; align_tablet=&#8221;center&#8221; align_phone=&#8221;center&#8221; align_last_edited=&#8221;on|desktop&#8221; _builder_version=&#8221;4.24.2&#8243; width=&#8221;50%&#8221; animation_style=&#8221;slide&#8221; animation_direction=&#8221;left&#8221; animation_duration=&#8221;500ms&#8221; animation_intensity_slide=&#8221;10%&#8221; border_style=&#8221;solid&#8221; sticky=&#8221;off&#8221; always_center_on_mobile=&#8221;on&#8221; global_colors_info=&#8221;{}&#8221;][\/et_pb_image][et_pb_text _builder_version=&#8221;4.24.2&#8243; background_size=&#8221;initial&#8221; background_position=&#8221;top_left&#8221; background_repeat=&#8221;repeat&#8221; hover_enabled=&#8221;0&#8243; global_colors_info=&#8221;{}&#8221; sticky_enabled=&#8221;0&#8243;]<\/p>\n<h4>Casaments amb Finca Catering<\/h4>\n<h5>Casaments de somni personalitzats amb suport professional.<\/h5>\n<p>Estimades parelles,<\/p>\n<p>A Finca Catering a Mallorca, entenem la import\u00e0ncia del vostre dia de casament i volem ajudar-vos a fer realitat els vostres somnis. Tot i que no som planificadors de casaments, el nostre equip apassionat est\u00e0 comprom\u00e8s a cuidar cada detall per assegurar que la vostra celebraci\u00f3 sigui \u00fanica i reflecteixi l&#8217;amor compartit.<\/p>\n<p>Us oferim la llibertat de dissenyar el vostre casament a la vostra manera, per\u00f2 amb el suport i l&#8217;experi\u00e8ncia professional que necessiteu. Treballarem junts per garantir que cada aspecte del vostre casament sigui perfecte i memorable.<\/p>\n<p>Disposem d&#8217;una xarxa de prove\u00efdors de confian\u00e7a per a flors, decoraci\u00f3, m\u00fasica, artistes i fotografia que comparteixen la nostra passi\u00f3 per la qualitat i el servei. Amb la seva ajuda, ens assegurarem que l&#8217;ambient i l&#8217;est\u00e8tica de la vostra celebraci\u00f3 siguin exactament com l&#8217;heu imaginat.<\/p>\n<p>Estem aqu\u00ed per proporcionar-vos el suport necessari per gaudir d&#8217;un dia inoblidable. Us enviem els nostres millors desitjos per a la vostra propera celebraci\u00f3!<\/p>\n<p>Amb afecte,<br \/>\nCarol Bell\u00e9s, Stefan Schm\u00e4ing i l&#8217;equip de Finca Catering a Mallorca<br \/>\n[\/et_pb_text][\/et_pb_column][et_pb_column type=&#8221;1_3&#8243; _builder_version=&#8221;4.16&#8243; custom_padding=&#8221;|||&#8221; global_colors_info=&#8221;{}&#8221; custom_padding__hover=&#8221;|||&#8221;][et_pb_code _builder_version=&#8221;4.16&#8243; global_colors_info=&#8221;{}&#8221;]\n<div class=\"wpcf7 no-js\" id=\"wpcf7-f5706-o1\" lang=\"en-US\" dir=\"ltr\" data-wpcf7-id=\"5706\">\n<div class=\"screen-reader-response\"><p role=\"status\" aria-live=\"polite\" aria-atomic=\"true\"><\/p> <ul><\/ul><\/div>\n<form action=\"\/ca\/wp-json\/wp\/v2\/pages\/5560#wpcf7-f5706-o1\" method=\"post\" class=\"wpcf7-form init\" aria-label=\"Contact form\" novalidate=\"novalidate\" data-status=\"init\">\n<fieldset class=\"hidden-fields-container\"><input type=\"hidden\" name=\"_wpcf7\" value=\"5706\" \/><input type=\"hidden\" name=\"_wpcf7_version\" value=\"6.1.5\" \/><input type=\"hidden\" name=\"_wpcf7_locale\" value=\"en_US\" \/><input type=\"hidden\" name=\"_wpcf7_unit_tag\" value=\"wpcf7-f5706-o1\" \/><input type=\"hidden\" name=\"_wpcf7_container_post\" value=\"0\" \/><input type=\"hidden\" name=\"_wpcf7_posted_data_hash\" value=\"\" \/><input type=\"hidden\" name=\"_wpcf7dtx_version\" value=\"5.0.4\" \/>\n<\/fieldset>\n<span class=\"wpcf7-form-control-wrap servicio\" data-name=\"servicio\"><input type=\"hidden\" name=\"servicio\" class=\"wpcf7-form-control wpcf7-hidden wpcf7dtx wpcf7dtx-hidden\" aria-invalid=\"false\" value=\"Casaments Mallorca\"><\/span>\n<div class=\"form-finca\">\n\t<h4>Sol\u00b7licitar informaci\u00f3\n\t<\/h4>\n\t<p>Nom *\n\t<\/p>\n\t<p><span class=\"wpcf7-form-control-wrap\" data-name=\"your-name\"><input size=\"40\" maxlength=\"400\" class=\"wpcf7-form-control wpcf7-text wpcf7-validates-as-required\" aria-required=\"true\" aria-invalid=\"false\" value=\"\" type=\"text\" name=\"your-name\" \/><\/span>\n\t<\/p>\n\t<p>Email *\n\t<\/p>\n\t<p><span class=\"wpcf7-form-control-wrap\" data-name=\"your-email\"><input size=\"40\" maxlength=\"400\" class=\"wpcf7-form-control wpcf7-email wpcf7-validates-as-required wpcf7-text wpcf7-validates-as-email\" aria-required=\"true\" aria-invalid=\"false\" value=\"\" type=\"email\" name=\"your-email\" \/><\/span>\n\t<\/p>\n\t<p>Tel\u00e8fon\n\t<\/p>\n\t<p><span class=\"wpcf7-form-control-wrap\" data-name=\"your-phone\"><input size=\"40\" maxlength=\"400\" class=\"wpcf7-form-control wpcf7-text\" aria-invalid=\"false\" value=\"\" type=\"text\" name=\"your-phone\" \/><\/span>\n\t<\/p>\n\t<p>Comentaris\n\t<\/p>\n\t<p><span class=\"wpcf7-form-control-wrap\" data-name=\"your-message\"><textarea cols=\"40\" rows=\"10\" maxlength=\"2000\" class=\"wpcf7-form-control wpcf7-textarea\" aria-invalid=\"false\" name=\"your-message\"><\/textarea><\/span>\n\t<\/p>\n\t<p><span class=\"wpcf7-form-control-wrap\" data-name=\"politica\"><span class=\"wpcf7-form-control wpcf7-acceptance\"><span class=\"wpcf7-list-item\"><input type=\"checkbox\" name=\"politica\" value=\"1\" aria-invalid=\"false\" \/><\/span><\/span><\/span> He llegit i accepto la <a href=\"https:\/\/fincacatering.com\/aviso-legal\/\">pol\u00edtica de privacitat<\/a>\n\t<\/p>\n\t<p><input class=\"wpcf7-form-control wpcf7-submit has-spinner\" type=\"submit\" value=\"Enviar\" \/>\n\t<\/p>\n<\/div><p style=\"display: none !important;\" class=\"akismet-fields-container\" data-prefix=\"_wpcf7_ak_\"><label>&#916;<textarea name=\"_wpcf7_ak_hp_textarea\" cols=\"45\" rows=\"8\" maxlength=\"100\"><\/textarea><\/label><input type=\"hidden\" id=\"ak_js_1\" name=\"_wpcf7_ak_js\" value=\"169\"\/><script>document.getElementById( \"ak_js_1\" ).setAttribute( \"value\", ( new Date() ).getTime() );<\/script><\/p><div class=\"wpcf7-response-output\" aria-hidden=\"true\"><\/div>\n<\/form>\n<\/div>\n[\/et_pb_code][\/et_pb_column][\/et_pb_row][\/et_pb_section]<\/p>\n","protected":false},"excerpt":{"rendered":"<p>Casaments a Mallorca Casaments amb Finca Catering Casaments de somni personalitzats amb suport professional. Estimades parelles, A Finca Catering a Mallorca, entenem la import\u00e0ncia del vostre dia de casament i volem ajudar-vos a fer realitat els vostres somnis. Tot i que no som planificadors de casaments, el nostre equip apassionat est\u00e0 comprom\u00e8s a cuidar cada [&hellip;]<\/p>\n","protected":false},"author":2,"featured_media":0,"parent":0,"menu_order":0,"comment_status":"closed","ping_status":"closed","template":"","meta":{"_et_pb_use_builder":"on","_et_pb_old_content":"","_et_gb_content_width":"","inline_featured_image":false,"footnotes":""},"class_list":["post-5560","page","type-page","status-publish","hentry"],"_links":{"self":[{"href":"https:\/\/fincacatering.com\/ca\/wp-json\/wp\/v2\/pages\/5560","targetHints":{"allow":["GET"]}}],"collection":[{"href":"https:\/\/fincacatering.com\/ca\/wp-json\/wp\/v2\/pages"}],"about":[{"href":"https:\/\/fincacatering.com\/ca\/wp-json\/wp\/v2\/types\/page"}],"author":[{"embeddable":true,"href":"https:\/\/fincacatering.com\/ca\/wp-json\/wp\/v2\/users\/2"}],"replies":[{"embeddable":true,"href":"https:\/\/fincacatering.com\/ca\/wp-json\/wp\/v2\/comments?post=5560"}],"version-history":[{"count":2,"href":"https:\/\/fincacatering.com\/ca\/wp-json\/wp\/v2\/pages\/5560\/revisions"}],"predecessor-version":[{"id":7746,"href":"https:\/\/fincacatering.com\/ca\/wp-json\/wp\/v2\/pages\/5560\/revisions\/7746"}],"wp:attachment":[{"href":"https:\/\/fincacatering.com\/ca\/wp-json\/wp\/v2\/media?parent=5560"}],"curies":[{"name":"wp","href":"https:\/\/api.w.org\/{rel}","templated":true}]}}