{"id":5639,"date":"2017-09-22T12:17:29","date_gmt":"2017-09-22T12:17:29","guid":{"rendered":"https:\/\/fincacatering.com\/paquete-de-fiesta\/"},"modified":"2025-03-04T13:28:45","modified_gmt":"2025-03-04T12:28:45","slug":"finca-i-paella","status":"publish","type":"page","link":"https:\/\/fincacatering.com\/ca\/finca-i-paella\/","title":{"rendered":"FINCA &#038; PAELLA"},"content":{"rendered":"<p>[et_pb_section fb_built=&#8221;1&#8243; _builder_version=&#8221;4.16&#8243; global_colors_info=&#8221;{}&#8221;][et_pb_row _builder_version=&#8221;4.16&#8243; background_color=&#8221;#fdf8ec&#8221; background_size=&#8221;initial&#8221; background_position=&#8221;top_left&#8221; background_repeat=&#8221;repeat&#8221; global_colors_info=&#8221;{}&#8221;][et_pb_column type=&#8221;4_4&#8243; _builder_version=&#8221;4.16&#8243; background_position=&#8221;top_left&#8221; custom_padding=&#8221;|||&#8221; global_colors_info=&#8221;{}&#8221; custom_padding__hover=&#8221;|||&#8221;][et_pb_text module_class=&#8221;titulopagina&#8221; _builder_version=&#8221;4.27.4&#8243; background_size=&#8221;initial&#8221; background_position=&#8221;top_left&#8221; background_repeat=&#8221;repeat&#8221; hover_enabled=&#8221;0&#8243; global_colors_info=&#8221;{}&#8221; sticky_enabled=&#8221;0&#8243;]<\/p>\n<h1>FINCA &#038; PAELLA<\/h1>\n<p>[\/et_pb_text][et_pb_text _builder_version=&#8221;4.24.2&#8243; background_size=&#8221;initial&#8221; background_position=&#8221;top_left&#8221; background_repeat=&#8221;repeat&#8221; global_colors_info=&#8221;{}&#8221;]Celebracions sota el sol. La finca dels somnis per a esdeveniments inoblidables de paella. Celebreu l&#8217;expectaci\u00f3 amb una festa exclusiva pr\u00e8via al casament a la nostra finca pintoresca. Gaudiu de la finca d&#8217;esdeveniments amb una aut\u00e8ntica festa de paella de manera tradicional.[\/et_pb_text][\/et_pb_column][\/et_pb_row][et_pb_row column_structure=&#8221;2_3,1_3&#8243; _builder_version=&#8221;4.16&#8243; background_size=&#8221;initial&#8221; background_position=&#8221;top_left&#8221; background_repeat=&#8221;repeat&#8221; global_colors_info=&#8221;{}&#8221;][et_pb_column type=&#8221;2_3&#8243; _builder_version=&#8221;4.16&#8243; custom_padding=&#8221;|||&#8221; global_colors_info=&#8221;{}&#8221; custom_padding__hover=&#8221;|||&#8221;][et_pb_image src=&#8221;https:\/\/fincacatering.com\/wp-content\/uploads\/2024\/03\/paella.png&#8221; title_text=&#8221;paella&#8221; align=&#8221;center&#8221; align_tablet=&#8221;center&#8221; align_phone=&#8221;&#8221; align_last_edited=&#8221;on|desktop&#8221; _builder_version=&#8221;4.24.2&#8243; animation_style=&#8221;slide&#8221; animation_direction=&#8221;left&#8221; animation_duration=&#8221;500ms&#8221; animation_intensity_slide=&#8221;10%&#8221; global_colors_info=&#8221;{}&#8221;][\/et_pb_image][et_pb_text _builder_version=&#8221;4.24.2&#8243; background_size=&#8221;initial&#8221; background_position=&#8221;top_left&#8221; background_repeat=&#8221;repeat&#8221; global_colors_info=&#8221;{}&#8221;]<\/p>\n<h4>PAELLA PER A 15 PERSONES O M\u00c9S<\/h4>\n<p>Si vols celebrar una festa a casa per\u00f2 no vols passar hores cuinant, llavors els nostres paquets s\u00f3n perfectes per a tu.<\/p>\n<p><b>Paella Mixta<\/b><br \/>\nLa cl\u00e1ssica m\u00e9s populr.  Amb pollastre, conill, porc tou, gambes, musclos, pop i diferents verdures.<\/p>\n<p><b>Paella Marinera<\/b><br \/>\nFeta nom\u00e9s amb peix i marisc (gambes, musclos, pop) i diferents verdures.<\/p>\n<p><b>Paella de Carn<\/b><br \/>\nAmb pollastre, porc tou, conill i diferents verdures.<\/p>\n<p><b>Paella de Verdures<\/b><br \/>\nLa paella vegana de verdures amb una varietat de verdures com ara pebrots, carxofes, esp\u00e0rrecs&#8230; (vegana, sense lactosa, sense gluten).<\/p>\n<p><b>Arr\u00f2s Negre<\/b><br \/>\nAmb marisc (gambes, musclos, pop) i tinta negra de s\u00edpia.<\/p>\n<h4>El Men\u00fa de Paella<\/h4>\n<p><b>Entrant<\/b><br \/>\n&#8220;Pa amb Oli&#8221; &#8211; pa torrat amb tom\u00e0quet ratllat i all<br \/>\nFormatge Manchego envejat, pernil ib\u00e8ric i &#8220;Tortilla Espa\u00f1ola&#8221;<br \/>\nGaletes amb sobrassada mallorquina, ametlles salades<br \/>\nAioli, olives variades, pebrots en vinagre, oli d&#8217;oliva i sal marina. <\/p>\n<p>L&#8217;opci\u00f3 de paella triada.<\/p>\n<p><b>Postres:<\/b><br \/>\nPast\u00eds d&#8217;ametlla mallorqu\u00ed amb fruites fresques i salsa de fruites del bosc.[\/et_pb_text][et_pb_image src=&#8221;https:\/\/fincacatering.com\/wp-content\/uploads\/2024\/03\/Fideua.png&#8221; title_text=&#8221;Fideua&#8221; align=&#8221;center&#8221; align_tablet=&#8221;center&#8221; align_phone=&#8221;&#8221; align_last_edited=&#8221;on|desktop&#8221; _builder_version=&#8221;4.24.2&#8243; animation_style=&#8221;slide&#8221; animation_direction=&#8221;left&#8221; animation_duration=&#8221;500ms&#8221; animation_intensity_slide=&#8221;10%&#8221; global_colors_info=&#8221;{}&#8221;][\/et_pb_image][et_pb_text _builder_version=&#8221;4.24.2&#8243; background_size=&#8221;initial&#8221; background_position=&#8221;top_left&#8221; background_repeat=&#8221;repeat&#8221; global_colors_info=&#8221;{}&#8221;]<b>Fideu\u00e1: <\/b><br \/>\nLa seductora paella de fideus  que fa que la vostra celebraci\u00f3 sigui inoblidable!<\/p>\n<p>La Fideu\u00e1 \u00e9s una deliciosa especialitat que sovint es considera una meravellosa alternativa o variant de la m\u00e9s coneguda paella. Origin\u00e0ria de la regi\u00f3 de Val\u00e8ncia, aquest plat tamb\u00e9 ha guanyat gran popularitat a Catalunya i s&#8217;ha convertit en un destacat culinari all\u00e0 tamb\u00e9.<\/p>\n<p>La Fideu\u00e1 es caracteritza pel seu ingredient principal: en lloc de l&#8217;arr\u00f2s, com en la paella, s&#8217;utilitzen fideus curts . Aquests fideus es couen en una paella especial de fideu\u00e1, similar a la paella, amb una varietat d&#8217;ingredients com peix i marisc. Els mariscs t\u00edpics utilitzats en la fideu\u00e1 inclouen gambes, calamars, musclos i a vegades trossos de filet de peix.<\/p>\n<p>A Val\u00e8ncia i Catalunya, no \u00e9s estrany que es serveixi fideu\u00e1 en esdeveniments socials com c\u00f2ctels.<\/p>\n<p>Es serveix com aperitiu. La Fideu\u00e1 es pot oferir excel\u00b7lentment en petites porcions, la qual cosa la fa ideal per a esdeveniments on els convidats socialitzen mentre gaudeixen d&#8217;una petita mostra de la cuina local.<\/p>\n<p>Per tant, la Fideu\u00e1 no nom\u00e9s \u00e9s una bonica alternativa a la paella per a aquells que desitgen provar alguna cosa nova, sin\u00f3 tamb\u00e9 un plat perfecte per crear un ambient amigable en esdeveniments on el menjar i les converses s\u00f3n igualment importants.[\/et_pb_text][\/et_pb_column][et_pb_column type=&#8221;1_3&#8243; _builder_version=&#8221;4.16&#8243; custom_padding=&#8221;|||&#8221; global_colors_info=&#8221;{}&#8221; custom_padding__hover=&#8221;|||&#8221;][et_pb_code _builder_version=&#8221;4.16&#8243; global_colors_info=&#8221;{}&#8221;]\n<div class=\"wpcf7 no-js\" id=\"wpcf7-f5706-o1\" lang=\"en-US\" dir=\"ltr\" data-wpcf7-id=\"5706\">\n<div class=\"screen-reader-response\"><p role=\"status\" aria-live=\"polite\" aria-atomic=\"true\"><\/p> <ul><\/ul><\/div>\n<form action=\"\/ca\/wp-json\/wp\/v2\/pages\/5639#wpcf7-f5706-o1\" method=\"post\" class=\"wpcf7-form init\" aria-label=\"Contact form\" novalidate=\"novalidate\" data-status=\"init\">\n<fieldset class=\"hidden-fields-container\"><input type=\"hidden\" name=\"_wpcf7\" value=\"5706\" \/><input type=\"hidden\" name=\"_wpcf7_version\" value=\"6.1.5\" \/><input type=\"hidden\" name=\"_wpcf7_locale\" value=\"en_US\" \/><input type=\"hidden\" name=\"_wpcf7_unit_tag\" value=\"wpcf7-f5706-o1\" \/><input type=\"hidden\" name=\"_wpcf7_container_post\" value=\"0\" \/><input type=\"hidden\" name=\"_wpcf7_posted_data_hash\" value=\"\" \/><input type=\"hidden\" name=\"_wpcf7dtx_version\" value=\"5.0.4\" \/>\n<\/fieldset>\n<span class=\"wpcf7-form-control-wrap servicio\" data-name=\"servicio\"><input type=\"hidden\" name=\"servicio\" class=\"wpcf7-form-control wpcf7-hidden wpcf7dtx wpcf7dtx-hidden\" aria-invalid=\"false\" value=\"FINCA &amp; PAELLA\"><\/span>\n<div class=\"form-finca\">\n\t<h4>Sol\u00b7licitar informaci\u00f3\n\t<\/h4>\n\t<p>Nom *\n\t<\/p>\n\t<p><span class=\"wpcf7-form-control-wrap\" data-name=\"your-name\"><input size=\"40\" maxlength=\"400\" class=\"wpcf7-form-control wpcf7-text wpcf7-validates-as-required\" aria-required=\"true\" aria-invalid=\"false\" value=\"\" type=\"text\" name=\"your-name\" \/><\/span>\n\t<\/p>\n\t<p>Email *\n\t<\/p>\n\t<p><span class=\"wpcf7-form-control-wrap\" data-name=\"your-email\"><input size=\"40\" maxlength=\"400\" class=\"wpcf7-form-control wpcf7-email wpcf7-validates-as-required wpcf7-text wpcf7-validates-as-email\" aria-required=\"true\" aria-invalid=\"false\" value=\"\" type=\"email\" name=\"your-email\" \/><\/span>\n\t<\/p>\n\t<p>Tel\u00e8fon\n\t<\/p>\n\t<p><span class=\"wpcf7-form-control-wrap\" data-name=\"your-phone\"><input size=\"40\" maxlength=\"400\" class=\"wpcf7-form-control wpcf7-text\" aria-invalid=\"false\" value=\"\" type=\"text\" name=\"your-phone\" \/><\/span>\n\t<\/p>\n\t<p>Comentaris\n\t<\/p>\n\t<p><span class=\"wpcf7-form-control-wrap\" data-name=\"your-message\"><textarea cols=\"40\" rows=\"10\" maxlength=\"2000\" class=\"wpcf7-form-control wpcf7-textarea\" aria-invalid=\"false\" name=\"your-message\"><\/textarea><\/span>\n\t<\/p>\n\t<p><span class=\"wpcf7-form-control-wrap\" data-name=\"politica\"><span class=\"wpcf7-form-control wpcf7-acceptance\"><span class=\"wpcf7-list-item\"><input type=\"checkbox\" name=\"politica\" value=\"1\" aria-invalid=\"false\" \/><\/span><\/span><\/span> He llegit i accepto la <a href=\"https:\/\/fincacatering.com\/aviso-legal\/\">pol\u00edtica de privacitat<\/a>\n\t<\/p>\n\t<p><input class=\"wpcf7-form-control wpcf7-submit has-spinner\" type=\"submit\" value=\"Enviar\" \/>\n\t<\/p>\n<\/div><p style=\"display: none !important;\" class=\"akismet-fields-container\" data-prefix=\"_wpcf7_ak_\"><label>&#916;<textarea name=\"_wpcf7_ak_hp_textarea\" cols=\"45\" rows=\"8\" maxlength=\"100\"><\/textarea><\/label><input type=\"hidden\" id=\"ak_js_1\" name=\"_wpcf7_ak_js\" value=\"209\"\/><script>document.getElementById( \"ak_js_1\" ).setAttribute( \"value\", ( new Date() ).getTime() );<\/script><\/p><div class=\"wpcf7-response-output\" aria-hidden=\"true\"><\/div>\n<\/form>\n<\/div>\n[\/et_pb_code][\/et_pb_column][\/et_pb_row][\/et_pb_section]<\/p>\n","protected":false},"excerpt":{"rendered":"<p>FINCA &#038; PAELLACelebracions sota el sol. La finca dels somnis per a esdeveniments inoblidables de paella. Celebreu l&#8217;expectaci\u00f3 amb una festa exclusiva pr\u00e8via al casament a la nostra finca pintoresca. Gaudiu de la finca d&#8217;esdeveniments amb una aut\u00e8ntica festa de paella de manera tradicional.PAELLA PER A 15 PERSONES O M\u00c9S Si vols celebrar una festa [&hellip;]<\/p>\n","protected":false},"author":2,"featured_media":0,"parent":0,"menu_order":0,"comment_status":"closed","ping_status":"closed","template":"","meta":{"_et_pb_use_builder":"on","_et_pb_old_content":"","_et_gb_content_width":"","inline_featured_image":false,"footnotes":""},"class_list":["post-5639","page","type-page","status-publish","hentry"],"_links":{"self":[{"href":"https:\/\/fincacatering.com\/ca\/wp-json\/wp\/v2\/pages\/5639","targetHints":{"allow":["GET"]}}],"collection":[{"href":"https:\/\/fincacatering.com\/ca\/wp-json\/wp\/v2\/pages"}],"about":[{"href":"https:\/\/fincacatering.com\/ca\/wp-json\/wp\/v2\/types\/page"}],"author":[{"embeddable":true,"href":"https:\/\/fincacatering.com\/ca\/wp-json\/wp\/v2\/users\/2"}],"replies":[{"embeddable":true,"href":"https:\/\/fincacatering.com\/ca\/wp-json\/wp\/v2\/comments?post=5639"}],"version-history":[{"count":9,"href":"https:\/\/fincacatering.com\/ca\/wp-json\/wp\/v2\/pages\/5639\/revisions"}],"predecessor-version":[{"id":7868,"href":"https:\/\/fincacatering.com\/ca\/wp-json\/wp\/v2\/pages\/5639\/revisions\/7868"}],"wp:attachment":[{"href":"https:\/\/fincacatering.com\/ca\/wp-json\/wp\/v2\/media?parent=5639"}],"curies":[{"name":"wp","href":"https:\/\/api.w.org\/{rel}","templated":true}]}}