{"id":5296,"date":"2017-09-22T12:17:29","date_gmt":"2017-09-22T12:17:29","guid":{"rendered":"https:\/\/fincacatering.com\/paquete-de-fiesta\/"},"modified":"2025-03-04T13:27:40","modified_gmt":"2025-03-04T12:27:40","slug":"finca-and-paella","status":"publish","type":"page","link":"https:\/\/fincacatering.com\/de\/finca-and-paella\/","title":{"rendered":"FINCA &#038; PAELLA"},"content":{"rendered":"<p>[et_pb_section fb_built=&#8220;1&#8243; _builder_version=&#8220;4.16&#8243; global_colors_info=&#8220;{}&#8220;][et_pb_row _builder_version=&#8220;4.16&#8243; background_color=&#8220;#fdf8ec&#8220; background_size=&#8220;initial&#8220; background_position=&#8220;top_left&#8220; background_repeat=&#8220;repeat&#8220; global_colors_info=&#8220;{}&#8220;][et_pb_column type=&#8220;4_4&#8243; _builder_version=&#8220;4.16&#8243; background_position=&#8220;top_left&#8220; custom_padding=&#8220;|||&#8220; global_colors_info=&#8220;{}&#8220; custom_padding__hover=&#8220;|||&#8220;][et_pb_text module_class=&#8220;titulopagina&#8220; _builder_version=&#8220;4.27.4&#8243; background_size=&#8220;initial&#8220; background_position=&#8220;top_left&#8220; background_repeat=&#8220;repeat&#8220; hover_enabled=&#8220;0&#8243; border_style=&#8220;solid&#8220; global_colors_info=&#8220;{}&#8220; sticky_enabled=&#8220;0&#8243;]<\/p>\n<h1>FINCA &#038; PAELLA<\/h1>\n<p>[\/et_pb_text][et_pb_text _builder_version=&#8220;4.24.2&#8243; background_size=&#8220;initial&#8220; background_position=&#8220;top_left&#8220; background_repeat=&#8220;repeat&#8220; global_colors_info=&#8220;{}&#8220;]Feiern unter der Sonne. die Traumfinca f\u00fcr unvergessliche Paella-Events. Zelebriert die Vorfreude mit einem exklusiken Vorhochzeitsfest auf unserer malerischen FInca.Traditionell geniessen die Event- FInca mit authentischem Paella-Fest.[\/et_pb_text][\/et_pb_column][\/et_pb_row][et_pb_row column_structure=&#8220;2_3,1_3&#8243; _builder_version=&#8220;4.16&#8243; background_size=&#8220;initial&#8220; background_position=&#8220;top_left&#8220; background_repeat=&#8220;repeat&#8220; global_colors_info=&#8220;{}&#8220;][et_pb_column type=&#8220;2_3&#8243; _builder_version=&#8220;4.16&#8243; custom_padding=&#8220;|||&#8220; global_colors_info=&#8220;{}&#8220; custom_padding__hover=&#8220;|||&#8220;][et_pb_image src=&#8220;https:\/\/fincacatering.com\/wp-content\/uploads\/2024\/03\/paella.png&#8220; alt=&#8220;Paquete de fiesta&#8220; title_text=&#8220;paella&#8220; align=&#8220;center&#8220; align_tablet=&#8220;center&#8220; align_phone=&#8220;&#8220; align_last_edited=&#8220;on|desktop&#8220; _builder_version=&#8220;4.24.2&#8243; animation_style=&#8220;slide&#8220; animation_direction=&#8220;left&#8220; animation_duration=&#8220;500ms&#8220; animation_intensity_slide=&#8220;10%&#8220; global_colors_info=&#8220;{}&#8220;][\/et_pb_image][et_pb_text _builder_version=&#8220;4.24.2&#8243; background_size=&#8220;initial&#8220; background_position=&#8220;top_left&#8220; background_repeat=&#8220;repeat&#8220; global_colors_info=&#8220;{}&#8220;]<\/p>\n<h4>Paella ab 15 PERSONEN<\/h4>\n<p>Sie m\u00f6chten zu Hause eine Party feiern, aber nicht stundenlang kochen, dann ist unser Paket genau das Richtige f\u00fcr Sie.<\/p>\n<p><b>Paella mixta<\/b><br \/>\nDer beliebte Klassiker mit Huhn, Kaninchen, zartem Schweinefleisch, Riesengarnelen, Muscheln, Pulpo und verschiedenen Gem\u00fcse<\/p>\n<p><b>Paella marinera<\/b><br \/>\nnur mit Fisch und Meeresfr\u00fcchten (Riesengarnelen, Muscheln, Pulpo) und verschiedenen Gem\u00fcse<\/p>\n<p><b>Paella de carne<\/b><br \/>\nmit Huhn, zartem Schweinefleisch, Kaninchen und verschiedenen Gem\u00fcse<\/p>\n<p><b>Die vegane Gem\u00fcse-Paella <\/b><br \/>\nmit vielen verschiedenen Gem\u00fcse wie Paprika, Artischocken, Spargel &#8230; (vegan, laktosefrei, glutenfrei)<\/p>\n<p><b>Arroz Negro<\/b><br \/>\nmit Meeresfr\u00fcchten (Riesengarnelen, Muscheln, Pulpo) und schwarzer Tinte vom Sepia<\/p>\n<h4>Das Paella-Men\u00fc<\/h4>\n<p><b>Vorspeise<\/b><br \/>\n\u201ePa amp Oli\u201c ger\u00f6stetes Brot mit aufgeriebener Tomate und Knoblauch<br \/>\nGerereifter Manchego-K\u00e4se, Iberischer Bodega Schinken, Chorizo und \u201eTortilla Espa\u00f1ola\u201c<br \/>\nKr\u00e4cker mit mallorquinischer Paprikawurst, gesalzene Mandeln<br \/>\nAioli, bunte Oliven, eingelegte Peperoni, Oliven\u00f6l und Meersalz <\/p>\n<p>Die gew\u00fcnschte Paella Option.<\/p>\n<p>Hier z.B.. die klassische Paella:<br \/>\nPaella mixta mit Kaninchen, Huhn- und zartem Schweinefleisch, Riesengarnelen, Muscheln und Pulpo, Artischocken, Paprika,<br \/>\ngr\u00fcnen und wei\u00dfen B\u00f6hnchnen in hausgemachtem Safran-Sud.<\/p>\n<p><b>Dessert<\/b><br \/>\nMallorquinischer Mandelkuchen mit frischen Fr\u00fcchten und Waldbeeren-So\u00dfe[\/et_pb_text][et_pb_image src=&#8220;https:\/\/fincacatering.com\/wp-content\/uploads\/2024\/03\/Fideua.png&#8220; alt=&#8220;Paquete de fiesta&#8220; title_text=&#8220;Fideua&#8220; align=&#8220;center&#8220; align_tablet=&#8220;center&#8220; align_phone=&#8220;&#8220; align_last_edited=&#8220;on|desktop&#8220; _builder_version=&#8220;4.24.2&#8243; animation_style=&#8220;slide&#8220; animation_direction=&#8220;left&#8220; animation_duration=&#8220;500ms&#8220; animation_intensity_slide=&#8220;10%&#8220; global_colors_info=&#8220;{}&#8220;][\/et_pb_image][et_pb_text _builder_version=&#8220;4.24.2&#8243; background_size=&#8220;initial&#8220; background_position=&#8220;top_left&#8220; background_repeat=&#8220;repeat&#8220; global_colors_info=&#8220;{}&#8220;]<b>Fideu\u00e1: <\/b><\/p>\n<p>Die verf\u00fchrerische Nudelpaella aus Spanien, die Ihre Feier unvergesslich macht!<\/p>\n<p>Fideu\u00e1 ist eine k\u00f6stliche spanische Spezialit\u00e4t, die oft als wunderbare Alternative oder Variante zur bekannteren Paella angesehen wird. Urspr\u00fcnglich aus der Region Valencia stammend, hat sich dieses Gericht auch in Katalonien gro\u00dfer Beliebtheit erfreut und ist dort ebenfalls zu einem kulinarischen Highlight geworden.<\/p>\n<p>Die Fideu\u00e1 zeichnet sich durch ihre Hauptzutat aus: statt Reis, wie bei der Paella, verwendet man kurze Nudeln, die oft als &#8222;Fideos&#8220; bezeichnet werden. Diese Nudeln werden in einer speziellen Fideu\u00e1-Pfanne, \u00e4hnlich der Paellapfanne, mit einer Vielzahl von Zutaten wie Fisch und Meeresfr\u00fcchten gekocht. Typische Meeresfr\u00fcchte, die in Fideu\u00e1 verwendet werden, sind Garnelen, Tintenfische, Muscheln und manchmal auch Fischfiletst\u00fccke.<\/p>\n<p>In Valencia und Katalonien ist es nicht un\u00fcblich, dass Fideu\u00e1 bei gesellschaftlichen Anl\u00e4ssen, wie Stehempf\u00e4ngen, als Aperitif serviert wird. Die Fideu\u00e1 l\u00e4sst sich hervorragend in kleinen Portionen anbieten, was sie ideal f\u00fcr solche Veranstaltungen macht, wo die G\u00e4ste sich unterhalten, w\u00e4hrend sie eine kleine Kostprobe der lokalen K\u00fcche genie\u00dfen.<\/p>\n<p>Die Fideu\u00e1 ist also nicht nur eine sch\u00f6ne Alternative zur Paella f\u00fcr diejenigen, die etwas Neues ausprobieren m\u00f6chten, sondern auch ein perfektes Gericht, um eine gesellige Atmosph\u00e4re bei Veranstaltungen zu schaffen, bei denen Essen und Gespr\u00e4che gleicherma\u00dfen im Mittelpunkt stehen.[\/et_pb_text][\/et_pb_column][et_pb_column type=&#8220;1_3&#8243; _builder_version=&#8220;4.16&#8243; custom_padding=&#8220;|||&#8220; global_colors_info=&#8220;{}&#8220; custom_padding__hover=&#8220;|||&#8220;][et_pb_code _builder_version=&#8220;4.16&#8243; global_colors_info=&#8220;{}&#8220;]\n<div class=\"wpcf7 no-js\" id=\"wpcf7-f5690-o1\" lang=\"en-US\" dir=\"ltr\" data-wpcf7-id=\"5690\">\n<div class=\"screen-reader-response\"><p role=\"status\" aria-live=\"polite\" aria-atomic=\"true\"><\/p> <ul><\/ul><\/div>\n<form action=\"\/de\/wp-json\/wp\/v2\/pages\/5296#wpcf7-f5690-o1\" method=\"post\" class=\"wpcf7-form init\" aria-label=\"Contact form\" novalidate=\"novalidate\" data-status=\"init\">\n<fieldset class=\"hidden-fields-container\"><input type=\"hidden\" name=\"_wpcf7\" value=\"5690\" \/><input type=\"hidden\" name=\"_wpcf7_version\" value=\"6.1.5\" \/><input type=\"hidden\" name=\"_wpcf7_locale\" value=\"en_US\" \/><input type=\"hidden\" name=\"_wpcf7_unit_tag\" value=\"wpcf7-f5690-o1\" \/><input type=\"hidden\" name=\"_wpcf7_container_post\" value=\"0\" \/><input type=\"hidden\" name=\"_wpcf7_posted_data_hash\" value=\"\" \/><input type=\"hidden\" name=\"_wpcf7dtx_version\" value=\"5.0.4\" \/>\n<\/fieldset>\n<span class=\"wpcf7-form-control-wrap servicio\" data-name=\"servicio\"><input type=\"hidden\" name=\"servicio\" class=\"wpcf7-form-control wpcf7-hidden wpcf7dtx wpcf7dtx-hidden\" aria-invalid=\"false\" value=\"FINCA &amp; PAELLA\"><\/span>\n<div class=\"form-finca\">\n\t<h4>Get more info:\n\t<\/h4>\n\t<p>Name *\n\t<\/p>\n\t<p><span class=\"wpcf7-form-control-wrap\" data-name=\"your-name\"><input size=\"40\" maxlength=\"400\" class=\"wpcf7-form-control wpcf7-text wpcf7-validates-as-required\" aria-required=\"true\" aria-invalid=\"false\" value=\"\" type=\"text\" name=\"your-name\" \/><\/span>\n\t<\/p>\n\t<p>Email *\n\t<\/p>\n\t<p><span class=\"wpcf7-form-control-wrap\" data-name=\"your-email\"><input size=\"40\" maxlength=\"400\" class=\"wpcf7-form-control wpcf7-email wpcf7-validates-as-required wpcf7-text wpcf7-validates-as-email\" aria-required=\"true\" aria-invalid=\"false\" value=\"\" type=\"email\" name=\"your-email\" \/><\/span>\n\t<\/p>\n\t<p>Phone\n\t<\/p>\n\t<p><span class=\"wpcf7-form-control-wrap\" data-name=\"your-phone\"><input size=\"40\" maxlength=\"400\" class=\"wpcf7-form-control wpcf7-text\" aria-invalid=\"false\" value=\"\" type=\"text\" name=\"your-phone\" \/><\/span>\n\t<\/p>\n\t<p>Message\n\t<\/p>\n\t<p><span class=\"wpcf7-form-control-wrap\" data-name=\"your-message\"><textarea cols=\"40\" rows=\"10\" maxlength=\"2000\" class=\"wpcf7-form-control wpcf7-textarea\" aria-invalid=\"false\" name=\"your-message\"><\/textarea><\/span>\n\t<\/p>\n\t<p><span class=\"wpcf7-form-control-wrap\" data-name=\"politica\"><span class=\"wpcf7-form-control wpcf7-acceptance\"><span class=\"wpcf7-list-item\"><input type=\"checkbox\" name=\"politica\" value=\"1\" aria-invalid=\"false\" \/><\/span><\/span><\/span> I have read and accept the <a href=\"https:\/\/fincacatering.com\/en\/disclaimer\/\">privacy policy<\/a>\n\t<\/p>\n\t<p><input class=\"wpcf7-form-control wpcf7-submit has-spinner\" type=\"submit\" value=\"Enviar\" \/>\n\t<\/p>\n<\/div><p style=\"display: none !important;\" class=\"akismet-fields-container\" data-prefix=\"_wpcf7_ak_\"><label>&#916;<textarea name=\"_wpcf7_ak_hp_textarea\" cols=\"45\" rows=\"8\" maxlength=\"100\"><\/textarea><\/label><input type=\"hidden\" id=\"ak_js_1\" name=\"_wpcf7_ak_js\" value=\"135\"\/><script>document.getElementById( \"ak_js_1\" ).setAttribute( \"value\", ( new Date() ).getTime() );<\/script><\/p><div class=\"wpcf7-response-output\" aria-hidden=\"true\"><\/div>\n<\/form>\n<\/div>\n[\/et_pb_code][\/et_pb_column][\/et_pb_row][\/et_pb_section]<\/p>\n","protected":false},"excerpt":{"rendered":"<p>FINCA &#038; PAELLAFeiern unter der Sonne. die Traumfinca f\u00fcr unvergessliche Paella-Events. Zelebriert die Vorfreude mit einem exklusiken Vorhochzeitsfest auf unserer malerischen FInca.Traditionell geniessen die Event- FInca mit authentischem Paella-Fest.Paella ab 15 PERSONEN Sie m\u00f6chten zu Hause eine Party feiern, aber nicht stundenlang kochen, dann ist unser Paket genau das Richtige f\u00fcr Sie. Paella mixta Der [&hellip;]<\/p>\n","protected":false},"author":2,"featured_media":0,"parent":0,"menu_order":0,"comment_status":"closed","ping_status":"closed","template":"","meta":{"_et_pb_use_builder":"on","_et_pb_old_content":"","_et_gb_content_width":"","inline_featured_image":false,"footnotes":""},"class_list":["post-5296","page","type-page","status-publish","hentry"],"_links":{"self":[{"href":"https:\/\/fincacatering.com\/de\/wp-json\/wp\/v2\/pages\/5296","targetHints":{"allow":["GET"]}}],"collection":[{"href":"https:\/\/fincacatering.com\/de\/wp-json\/wp\/v2\/pages"}],"about":[{"href":"https:\/\/fincacatering.com\/de\/wp-json\/wp\/v2\/types\/page"}],"author":[{"embeddable":true,"href":"https:\/\/fincacatering.com\/de\/wp-json\/wp\/v2\/users\/2"}],"replies":[{"embeddable":true,"href":"https:\/\/fincacatering.com\/de\/wp-json\/wp\/v2\/comments?post=5296"}],"version-history":[{"count":14,"href":"https:\/\/fincacatering.com\/de\/wp-json\/wp\/v2\/pages\/5296\/revisions"}],"predecessor-version":[{"id":7867,"href":"https:\/\/fincacatering.com\/de\/wp-json\/wp\/v2\/pages\/5296\/revisions\/7867"}],"wp:attachment":[{"href":"https:\/\/fincacatering.com\/de\/wp-json\/wp\/v2\/media?parent=5296"}],"curies":[{"name":"wp","href":"https:\/\/api.w.org\/{rel}","templated":true}]}}